{"id":8285,"date":"2019-01-18T18:42:25","date_gmt":"2019-01-18T17:42:25","guid":{"rendered":"https:\/\/www.bauxt.com\/privacy-policy\/"},"modified":"2020-05-22T11:24:27","modified_gmt":"2020-05-22T09:24:27","slug":"privacy-policy","status":"publish","type":"page","link":"https:\/\/www.bauxt.com\/fr\/privacy-policy\/","title":{"rendered":"Privacy policy"},"content":{"rendered":"<div class=\"fusion-fullwidth fullwidth-box fusion-builder-row-1 nonhundred-percent-fullwidth non-hundred-percent-height-scrolling\" style=\"--awb-border-radius-top-left:0px;--awb-border-radius-top-right:0px;--awb-border-radius-bottom-right:0px;--awb-border-radius-bottom-left:0px;--awb-flex-wrap:wrap;\" ><div class=\"fusion-builder-row fusion-row\"><div class=\"fusion-layout-column fusion_builder_column fusion-builder-column-0 fusion_builder_column_1_1 1_1 fusion-one-full fusion-column-first fusion-column-last\" style=\"--awb-bg-size:cover;\"><div class=\"fusion-column-wrapper fusion-flex-column-wrapper-legacy\"><div class=\"fusion-title title fusion-title-1 fusion-sep-none fusion-title-text fusion-title-size-one\" style=\"--awb-margin-top-small:0px;--awb-margin-right-small:0px;--awb-margin-bottom-small:20px;--awb-margin-left-small:0px;\"><h1 class=\"fusion-title-heading title-heading-left\" style=\"margin:0;\"><span style=\"color: #000000;\">Politique de confidentialit\u00e9<\/span><\/h1><\/div><div class=\"fusion-title title fusion-title-2 sep-underline sep-solid fusion-title-text fusion-title-size-two\" style=\"--awb-margin-top-small:0px;--awb-margin-right-small:0px;--awb-margin-bottom-small:20px;--awb-margin-left-small:0px;\"><h2 class=\"fusion-title-heading title-heading-left\" style=\"margin:0;\">INFORMATIONS SUR LE TRAITEMENT DES DONN\u00c9ES \u00c0 CARACT\u00c8RE PERSONNEL<\/h2><\/div><div class=\"fusion-sep-clear\"><\/div><div class=\"fusion-separator fusion-full-width-sep\" style=\"margin-left: auto;margin-right: auto;margin-top:10px;margin-bottom:10px;width:100%;\"><\/div><div class=\"fusion-sep-clear\"><\/div><div class=\"fusion-text fusion-text-1\"><p class=\"p1\"><span class=\"s1\">Ces informations sont fournies, conform\u00e9ment \u00e0 l&rsquo;art. 13 du R\u00e8glement UE 2016\/679 (RGPD) aux utilisateurs qui interagissent avec le site Web de Bauxt S.r.l., accessible par voie \u00e9lectronique \u00e0 l&rsquo;adresse\u00a0<\/span><span class=\"s2\">: <\/span><span class=\"s1\"><a href=\"https:\/\/www.bauxt.com\/\">https:\/\/www.bauxt.com\/<\/a>, correspondant \u00e0 la page d&rsquo;accueil du site.<br \/>\n<\/span>La pr\u00e9sente note d&rsquo;information d\u00e9crit les modalit\u00e9s de gestion du site Web officiel de l&rsquo;entreprise, mais pas de tout autre site Web externe susceptible d&rsquo;\u00eatre consult\u00e9 par l&rsquo;utilisateur via des liens.<br \/>\nDes informations compl\u00e9mentaires peuvent \u00eatre fournies au sein des diff\u00e9rents canaux d&rsquo;acc\u00e8s, r\u00e9partis en fonction des th\u00e8mes trait\u00e9s. D&rsquo;autres informations peuvent \u00eatre fournies sur le Site en relation avec des services sp\u00e9cifiques.<\/p>\n<p><b>Responsable du traitement<\/b>: <span class=\"s1\">Bauxt S.r.l. Via G, Agnelli 15 &#8211; 33053 Latisana (UD) &#8211; Italie <\/span><span class=\"s1\">contact<\/span>: <a href=\"mailto:privacy@bauxt.com\">privacy@bauxt.com<\/a><\/p>\n<\/p>\n<div class=\"table-2\">\n<table width=\"100%\">\n<thead>\n<tr style=\"vertical-align: text-top;\">\n<th align=\"left\">\n<p class=\"p1\"><span class=\"s1\" style=\"color: #ffffff;\"><b>Finalit\u00e9s du traitement<\/b><\/span><\/p>\n<\/th>\n<th align=\"left\">\n<p class=\"p1\"><span class=\"s1\" style=\"color: #ffffff;\"><b>Base juridique du traitement<\/b><\/span><\/p>\n<\/th>\n<th align=\"left\">\n<p class=\"p1\"><span class=\"s1\" style=\"color: #ffffff;\"><b>Dur\u00e9e de conservation des donn\u00e9es<\/b><\/span><\/p>\n<\/th>\n<\/tr>\n<\/thead>\n<tbody>\n<tr style=\"vertical-align: text-top;\">\n<td align=\"left\">\n<p class=\"p1\"><span class=\"s1\">Activit\u00e9s administratives-comptables en g\u00e9n\u00e9ral et pour l&rsquo;ex\u00e9cution des obligations l\u00e9gales, des r\u00e9glementations et des l\u00e9gislations nationales et supranationales applicables<\/span><\/p>\n<\/td>\n<td align=\"left\">\n<p class=\"p1\"><span class=\"s1\">N\u00e9cessit\u00e9 de se conformer aux obligations l\u00e9gales<\/span><\/p>\n<\/td>\n<td align=\"left\"><\/td>\n<\/tr>\n<tr style=\"vertical-align: text-top;\">\n<td align=\"left\">\n<p class=\"p1\"><span class=\"s1\">Si n\u00e9cessaire, pour v\u00e9rifier, exercer ou d\u00e9fendre les droits du Responsable en justice<\/span><\/p>\n<\/td>\n<td align=\"left\">\n<p class=\"p1\"><span class=\"s1\">Int\u00e9r\u00eat l\u00e9gitime<\/span><\/p>\n<\/td>\n<td align=\"left\"><\/td>\n<\/tr>\n<tr style=\"vertical-align: text-top;\">\n<td align=\"left\">\n<p class=\"p1\"><span class=\"s1\">Demande \u00e9ventuelle de contact, avec envoi des informations que vous avez demand\u00e9es;<\/span><\/p>\n<\/td>\n<td align=\"left\">\n<p class=\"p1\"><span class=\"s1\">Ex\u00e9cution d&rsquo;un contrat auquel la personne concern\u00e9e est partie ou \u00e0 l&rsquo;ex\u00e9cution de mesures pr\u00e9contractuelles prises \u00e0 la demande de celle-ci (art. 6(1)(b) du R\u00e8glement)<\/span><\/p>\n<\/td>\n<td align=\"left\">\n<p class=\"p1\"><span class=\"s1\">Dur\u00e9e du contrat et, apr\u00e8s r\u00e9siliation, pour la p\u00e9riode de prescription ordinaire de 10 ans. En cas de litige, pendant toute la dur\u00e9e du litige, jusqu&rsquo;\u00e0 \u00e9puisement des d\u00e9lais d&rsquo;exercice du droit de recours.<\/span><\/p>\n<\/td>\n<\/tr>\n<\/tbody>\n<\/table>\n<\/div>\n<p>\n<p class=\"p1\"><span class=\"s1\">Apr\u00e8s l&rsquo;expiration des conditions de conservation susmentionn\u00e9es, les Donn\u00e9es seront d\u00e9truites, supprim\u00e9es ou rendues anonymes, conform\u00e9ment aux proc\u00e9dures techniques de suppression et de sauvegarde.<\/span><\/p>\n<p class=\"p1\"><span class=\"s1\" style=\"color: #000000;\"><b>Type de donn\u00e9es trait\u00e9es et modalit\u00e9s de collecte<\/b><\/span><\/p>\n<p class=\"p1\"><span class=\"s1\"><b><span style=\"color: #000000;\">Donn\u00e9es de navigation &#8211; fichiers journaux<br \/>\n<\/span><\/b><\/span>Il est possible d&rsquo;acc\u00e9der au Site sans que l&rsquo;utilisateur soit invit\u00e9 \u00e0 fournir des donn\u00e9es personnelles. Les syst\u00e8mes informatiques et les applications d\u00e9di\u00e9s \u00e0 l&rsquo;exploitation de ce site Web collectent, pendant leur fonctionnement normal, certaines donn\u00e9es (dont la transmission est implicite dans l&rsquo;utilisation des protocoles de communication Internet) non associ\u00e9es \u00e0 des utilisateurs directement identifiables. Les donn\u00e9es recueillies comprennent les adresses IP des utilisateurs qui se connectent au site, les adresses en URI (Uniform Resource Identifier) des ressources demand\u00e9es, l&rsquo;heure de la demande et le code num\u00e9rique indiquant le statut de la r\u00e9ponse du serveur (succ\u00e8s, erreur, etc.).<\/p>\n<p class=\"p1\"><span class=\"s1\">Ces informations ne fournissent pas de donn\u00e9es personnelles de l&rsquo;utilisateur et ne sont pas collect\u00e9es pour \u00eatre associ\u00e9es \u00e0 des individus identifi\u00e9s, mais ce sont des donn\u00e9es techniques\/informatiques collect\u00e9es et utilis\u00e9es sous forme agr\u00e9g\u00e9e et anonyme dans le but de v\u00e9rifier le bon fonctionnement et de surveiller la s\u00e9curit\u00e9 du Site, am\u00e9liorer la qualit\u00e9 du service et fournir des statistiques concernant l&rsquo;utilisation du Site, proc\u00e9der \u00e0 la v\u00e9rification des responsabilit\u00e9s en cas d\u2019une possible infraction informatique contre le site.<\/span><\/p>\n<p class=\"p1\"><span class=\"s1\"><b><span style=\"color: #000000;\">Donn\u00e9es fournies volontairement par l&rsquo;utilisateur<br \/>\n<\/span><\/b><\/span>L&rsquo;envoi volontaire et explicite de courriels aux adresses indiqu\u00e9es dans les diff\u00e9rents canaux d&rsquo;acc\u00e8s de ce site implique l&rsquo;acquisition ult\u00e9rieure de l&rsquo;adresse et des donn\u00e9es de l&rsquo;exp\u00e9diteur\/utilisateur, n\u00e9cessaires pour r\u00e9pondre aux demandes produites et\/ou fournir le service demand\u00e9. N\u00e9anmoins, nous vous assurons qu&rsquo;un tel traitement sera fond\u00e9 sur les principes d&rsquo;exactitude, de l\u00e9galit\u00e9, de transparence et de protection de la vie priv\u00e9e tels qu&rsquo;indiqu\u00e9s dans le RGPD. En tout \u00e9tat de cause, avant de proc\u00e9der \u00e0 l&rsquo;activation d&rsquo;un service donn\u00e9, nous vous fournirons les informations appropri\u00e9es et, si n\u00e9cessaire, nous vous demanderons votre consentement au traitement de vos donn\u00e9es personnelles. Ce consentement pourra par la suite \u00eatre r\u00e9voqu\u00e9 \u00e0 tout moment, rendant ainsi caduque la possibilit\u00e9 d&rsquo;utiliser le service en question.<\/p>\n<p class=\"p1\"><span class=\"s1\">Le d\u00e9faut de consentement ou la r\u00e9vocation du consentement n&rsquo;aura aucune cons\u00e9quence, sauf l&rsquo;impossibilit\u00e9 d&rsquo;utiliser le Site et\/ou de fournir le service demand\u00e9 ou d&rsquo;obtenir des informations plus d\u00e9taill\u00e9es sur les activit\u00e9s de la Soci\u00e9t\u00e9.<\/span><\/p>\n<p class=\"p1\"><span class=\"s1\">En tout \u00e9tat de cause, le traitement des donn\u00e9es personnelles peut \u00eatre effectu\u00e9, si n\u00e9cessaire, pour la poursuite d&rsquo;un int\u00e9r\u00eat l\u00e9gitime du Responsable du traitement ou en vertu d&rsquo;une obligation l\u00e9gale. En particulier, il n&rsquo;est pas n\u00e9cessaire d&rsquo;obtenir le consentement au traitement vis\u00e9 au point pr\u00e9c\u00e9dent concernant les donn\u00e9es relatives \u00e0 la navigation et aux fichiers journaux, compte tenu que les donn\u00e9es sont trait\u00e9es comme r\u00e9pondant \u00e0 un int\u00e9r\u00eat l\u00e9gitime (vis\u00e9 par l\u2019art. 47 du RGPD).<\/span><\/p>\n<p class=\"p1\"><span class=\"s1\"><b><span style=\"color: #000000;\">Fourniture des donn\u00e9es<br \/>\n<\/span><\/b><\/span>Mis \u00e0 part ce qui est sp\u00e9cifi\u00e9 pour les donn\u00e9es de navigation, la fourniture des donn\u00e9es \u00e0 caract\u00e8re personnel par la personne concern\u00e9e, \u00e0 certaines fins d\u00e9crites au paragraphe pr\u00e9c\u00e9dent, est consid\u00e9r\u00e9e comme facultative. La non-communication de ces donn\u00e9es peut rendre impossible l&rsquo;utilisation de certains services fournis par le site.<\/p>\n<p class=\"p1\"><span class=\"s1\"><b><span style=\"color: #000000;\">Modalit\u00e9s du traitement des donn\u00e9es<br \/>\n<\/span><\/b><\/span>Les donn\u00e9es personnelles sont trait\u00e9es par des outils automatis\u00e9s pendant le temps strictement n\u00e9cessaire \u00e0 la r\u00e9alisation des finalit\u00e9s pour lesquelles elles sont collect\u00e9es, conform\u00e9ment aux principes de lic\u00e9it\u00e9, de limitation des finalit\u00e9s et de minimisation des donn\u00e9es, conform\u00e9ment \u00e0 l&rsquo;art. 5 du RGPD et dans le respect des d\u00e9lais l\u00e9gaux obligatoires. Des mesures de s\u00e9curit\u00e9 sp\u00e9cifiques sont mises en \u0153uvre pour emp\u00eacher la perte de donn\u00e9es, les utilisations illicites ou incorrectes et les acc\u00e8s non autoris\u00e9s.<\/p>\n<p class=\"p1\"><span class=\"s1\"><b><span style=\"color: #000000;\">Communication et\/ou divulgation des donn\u00e9es<br \/>\n<\/span><\/b><\/span>Vos donn\u00e9es, soumises au traitement, ne seront pas divulgu\u00e9es mais pourront \u00eatre communiqu\u00e9es \u00e0 des soci\u00e9t\u00e9s li\u00e9es contractuellement \u00e0 l\u2019entreprise, conform\u00e9ment et dans les limites du RGPD. Les donn\u00e9es personnelles sont stock\u00e9es sur des serveurs situ\u00e9s dans l&rsquo;Union europ\u00e9enne. En tout \u00e9tat de cause, il est entendu que le Responsable du traitement, si n\u00e9cessaire, aura le droit de d\u00e9placer les serveurs m\u00eame en dehors de l&rsquo;UE. Dans ce cas, le Responsable du traitement garantit d&rsquo;ores et d\u00e9j\u00e0 que le transfert des donn\u00e9es en dehors de l&rsquo;UE s&rsquo;effectuera conform\u00e9ment aux dispositions l\u00e9gales applicables, sous r\u00e9serve de la stipulation des clauses contractuelles types pr\u00e9vues par la Commission europ\u00e9enne et que l&rsquo;utilisateur sera inform\u00e9.<\/p>\n<p class=\"p1\"><span class=\"s1\"> Les donn\u00e9es pourront \u00eatre communiqu\u00e9es \u00e0 des tiers appartenant aux cat\u00e9gories suivantes\u00a0:<\/span><\/p>\n<p class=\"p2\"><span class=\"s1\">\u2013 sujets qui fournissent des services pour la gestion du syst\u00e8me d&rsquo;information utilis\u00e9 par l&rsquo;entreprise et des r\u00e9seaux de t\u00e9l\u00e9communications (y compris le courrier \u00e9lectronique) ;<\/span><\/p>\n<p class=\"p2\"><span class=\"s1\">\u2013 cabinets ou entreprises dans le cadre de relations d&rsquo;assistance et de conseil ;<\/span><\/p>\n<p class=\"p3\"><span class=\"s1\">\u2013 autorit\u00e9s comp\u00e9tentes pour remplir les obligations d\u00e9coulant des lois et\/ou des dispositions des organismes publics, sur demande.<\/span><\/p>\n<p class=\"p3\"><span class=\"s1\">Les sujets appartenant aux cat\u00e9gories ci-dessus sont responsables du traitement des donn\u00e9es ou op\u00e8rent en totale autonomie en tant que responsables distincts du traitement des donn\u00e9es. La liste des responsables du traitement des donn\u00e9es est constamment mise \u00e0 jour et disponible au si\u00e8ge de l&rsquo;entreprise. Toute communication ou diffusion ult\u00e9rieure n&rsquo;aura lieu qu&rsquo;avec votre consentement explicite.<\/span><\/p>\n<p class=\"p1\"><span class=\"s1\"><b><span style=\"color: #000000;\">Existence \u00e9ventuelle d&rsquo;un processus d\u00e9cisionnel automatis\u00e9<\/span><br \/>\n<\/b><\/span>Le responsable informe la personne concern\u00e9e que ce site ne pr\u00e9voit pas de processus d\u00e9cisionnel automatis\u00e9 et ne pr\u00e9voit donc pas, notamment, de syst\u00e8me de profilage.<\/p>\n<p><span class=\"s1\"><b><span style=\"color: #000000;\">Mineurs<\/span><br \/>\n<\/b><\/span><span class=\"s1\">Ce Site et les Services du Responsable ne sont pas destin\u00e9s aux moins de 16 ans et le Responsable du traitement ne collecte pas intentionnellement des informations personnelles relatives aux mineurs.<\/span><span class=\"s2\"> En cas d&rsquo;enregistrement non intentionnel d&rsquo;informations relatives \u00e0 des mineurs, le Responsable du traitement les supprimera imm\u00e9diatement, \u00e0 la demande des utilisateurs.<\/span><\/p>\n<p class=\"p1\"><span class=\"s1\"><b><span style=\"color: #000000;\">Droits de la personne concern\u00e9e<br \/>\n<\/span><\/b><\/span>Les personnes concern\u00e9es ont le droit de recevoir de I&rsquo;Entreprise des informations sur le traitement des donn\u00e9es personnelles par courrier \u00e9lectronique \u00e0 l&rsquo;adresse: <a href=\"mailto: privacy@bauxt.com\">privacy@bauxt.com<\/a><\/p>\n<ul>\n<li class=\"li1\"><span class=\"s2\"><b>Droit d&rsquo;acc\u00e8s\u00a0: <\/b>nous sommes transparents quant aux donn\u00e9es que nous collectons et \u00e0 l&rsquo;utilisation que nous en faisons. Vous pouvez nous contacter \u00e0 tout moment en nous envoyant un email pour acc\u00e9der aux informations en notre possession.<\/span><\/li>\n<li class=\"li1\"><span class=\"s2\"><b>Droit de rectification\u00a0:<\/b> vous avez le droit d&rsquo;obtenir la rectification de toute information inexacte ou incompl\u00e8te et de demander sa mise \u00e0 jour et\/ou sa modification.<\/span><\/li>\n<li class=\"li1\"><span class=\"s2\"><b>Droit \u00e0 l\u2019effacement\u00a0: <\/b> envoyez-nous une demande d&rsquo;effacement de toutes les donn\u00e9es vous concernant et nous traiterons votre demande dans un d\u00e9lai de 30 jours.<\/span><\/li>\n<li class=\"li1\"><span class=\"s2\"><b>Droit de limitation\u00a0:<\/b> vous avez le droit de demander au responsable du traitement de limiter le traitement de vos donn\u00e9es.<\/span><\/li>\n<li class=\"li1\"><span class=\"s2\"><b>Droit \u00e0 la portabilit\u00e9\u00a0: <\/b>si vous en faites la demande, nous exporterons vos donn\u00e9es afin qu&rsquo;elles puissent \u00eatre transf\u00e9r\u00e9es \u00e0 des tiers dans un format structur\u00e9 et couramment utilis\u00e9 qui puisse \u00eatre lu par un terminal automatique.<\/span><\/li>\n<li class=\"li1\"><span class=\"s2\"><b>Droit d&rsquo;opposition\u00a0: <\/b>vous pouvez vous d\u00e9sabonner \u00e0 tout moment de toutes les utilisations sp\u00e9cifiques que nous faisons de vos donn\u00e9es (newsletters, emails automatiques, etc.).<\/span><\/li>\n<li class=\"li1\"><span class=\"s2\"><b>Droit d\u2019introduire une r\u00e9clamation\u00a0: <\/b>si vous estimez que vos droits n\u2019ont pas \u00e9t\u00e9 respect\u00e9s, vous pouvez introduire une r\u00e9clamation aupr\u00e8s de l\u2019autorit\u00e9 comp\u00e9tente selon les modalit\u00e9s publi\u00e9es sur le site <a href=\"http:\/\/www.garanteprivacy.it\">www.garanteprivacy.it<\/a> ou par e-mail \u00e0 <a href=\"mailto:urp@gpdp.it\">urp@gpdp.it<\/a><\/span><span class=\"s4\"><br \/>\n<\/span><\/li>\n<\/ul>\n<p class=\"p1\"><span class=\"s1\" style=\"color: #000000;\"><b>\u00a0<\/b><\/span><\/p>\n<\/div><div class=\"fusion-clearfix\"><\/div><\/div><\/div><\/div><\/div>\n","protected":false},"excerpt":{"rendered":"","protected":false},"author":1,"featured_media":0,"parent":0,"menu_order":0,"comment_status":"closed","ping_status":"closed","template":"","meta":{"footnotes":""},"class_list":["post-8285","page","type-page","status-publish","hentry"],"yoast_head":"<!-- This site is optimized with the Yoast SEO plugin v27.5 - https:\/\/yoast.com\/product\/yoast-seo-wordpress\/ -->\n<title>Privacy policy - Bauxt - Porte blindate Made in Italy<\/title>\n<meta name=\"robots\" content=\"index, follow, max-snippet:-1, max-image-preview:large, max-video-preview:-1\" \/>\n<link rel=\"canonical\" href=\"https:\/\/www.bauxt.com\/fr\/privacy-policy\/\" \/>\n<meta property=\"og:locale\" content=\"fr_FR\" \/>\n<meta property=\"og:type\" content=\"article\" \/>\n<meta property=\"og:title\" content=\"Privacy policy - Bauxt - Porte blindate Made in Italy\" \/>\n<meta property=\"og:url\" content=\"https:\/\/www.bauxt.com\/fr\/privacy-policy\/\" \/>\n<meta property=\"og:site_name\" content=\"Bauxt - Porte blindate Made in Italy\" \/>\n<meta property=\"article:publisher\" content=\"https:\/\/www.facebook.com\/Bauxt.design\/\" \/>\n<meta property=\"article:modified_time\" content=\"2020-05-22T09:24:27+00:00\" \/>\n<meta name=\"twitter:card\" content=\"summary_large_image\" \/>\n<meta name=\"twitter:site\" content=\"@Bauxt_design\" \/>\n<meta name=\"twitter:label1\" content=\"Dur\u00e9e de lecture estim\u00e9e\" \/>\n\t<meta name=\"twitter:data1\" content=\"10 minutes\" \/>\n<script type=\"application\/ld+json\" class=\"yoast-schema-graph\">{\"@context\":\"https:\\\/\\\/schema.org\",\"@graph\":[{\"@type\":\"WebPage\",\"@id\":\"https:\\\/\\\/www.bauxt.com\\\/fr\\\/privacy-policy\\\/\",\"url\":\"https:\\\/\\\/www.bauxt.com\\\/fr\\\/privacy-policy\\\/\",\"name\":\"Privacy policy - Bauxt - Porte blindate Made in Italy\",\"isPartOf\":{\"@id\":\"https:\\\/\\\/www.bauxt.com\\\/#website\"},\"datePublished\":\"2019-01-18T17:42:25+00:00\",\"dateModified\":\"2020-05-22T09:24:27+00:00\",\"breadcrumb\":{\"@id\":\"https:\\\/\\\/www.bauxt.com\\\/fr\\\/privacy-policy\\\/#breadcrumb\"},\"inLanguage\":\"fr-FR\",\"potentialAction\":[{\"@type\":\"ReadAction\",\"target\":[\"https:\\\/\\\/www.bauxt.com\\\/fr\\\/privacy-policy\\\/\"]}]},{\"@type\":\"BreadcrumbList\",\"@id\":\"https:\\\/\\\/www.bauxt.com\\\/fr\\\/privacy-policy\\\/#breadcrumb\",\"itemListElement\":[{\"@type\":\"ListItem\",\"position\":1,\"name\":\"Home\",\"item\":\"https:\\\/\\\/www.bauxt.com\\\/fr\\\/\"},{\"@type\":\"ListItem\",\"position\":2,\"name\":\"Privacy policy\"}]},{\"@type\":\"WebSite\",\"@id\":\"https:\\\/\\\/www.bauxt.com\\\/#website\",\"url\":\"https:\\\/\\\/www.bauxt.com\\\/\",\"name\":\"Bauxt - Porte blindate Made in Italy\",\"description\":\"Bauxt tiene al sicuro ogni casa e chi la abita\",\"publisher\":{\"@id\":\"https:\\\/\\\/www.bauxt.com\\\/#organization\"},\"potentialAction\":[{\"@type\":\"SearchAction\",\"target\":{\"@type\":\"EntryPoint\",\"urlTemplate\":\"https:\\\/\\\/www.bauxt.com\\\/?s={search_term_string}\"},\"query-input\":{\"@type\":\"PropertyValueSpecification\",\"valueRequired\":true,\"valueName\":\"search_term_string\"}}],\"inLanguage\":\"fr-FR\"},{\"@type\":\"Organization\",\"@id\":\"https:\\\/\\\/www.bauxt.com\\\/#organization\",\"name\":\"Bauxt Spa\",\"url\":\"https:\\\/\\\/www.bauxt.com\\\/\",\"logo\":{\"@type\":\"ImageObject\",\"inLanguage\":\"fr-FR\",\"@id\":\"https:\\\/\\\/www.bauxt.com\\\/#\\\/schema\\\/logo\\\/image\\\/\",\"url\":\"https:\\\/\\\/www.bauxt.com\\\/wp-content\\\/uploads\\\/2017\\\/06\\\/bauxt-logo-retina.png\",\"contentUrl\":\"https:\\\/\\\/www.bauxt.com\\\/wp-content\\\/uploads\\\/2017\\\/06\\\/bauxt-logo-retina.png\",\"width\":288,\"height\":92,\"caption\":\"Bauxt Spa\"},\"image\":{\"@id\":\"https:\\\/\\\/www.bauxt.com\\\/#\\\/schema\\\/logo\\\/image\\\/\"},\"sameAs\":[\"https:\\\/\\\/www.facebook.com\\\/Bauxt.design\\\/\",\"https:\\\/\\\/x.com\\\/Bauxt_design\",\"https:\\\/\\\/www.instagram.com\\\/bauxt_design\\\/\",\"https:\\\/\\\/www.linkedin.com\\\/company-beta\\\/17979933\\\/\",\"https:\\\/\\\/it.pinterest.com\\\/bauxt_design\\\/\",\"https:\\\/\\\/www.youtube.com\\\/channel\\\/UCra8Ed-tqriJSnYFsmULimQ\"]}]}<\/script>\n<!-- \/ Yoast SEO plugin. -->","yoast_head_json":{"title":"Privacy policy - Bauxt - Porte blindate Made in Italy","robots":{"index":"index","follow":"follow","max-snippet":"max-snippet:-1","max-image-preview":"max-image-preview:large","max-video-preview":"max-video-preview:-1"},"canonical":"https:\/\/www.bauxt.com\/fr\/privacy-policy\/","og_locale":"fr_FR","og_type":"article","og_title":"Privacy policy - Bauxt - Porte blindate Made in Italy","og_url":"https:\/\/www.bauxt.com\/fr\/privacy-policy\/","og_site_name":"Bauxt - Porte blindate Made in Italy","article_publisher":"https:\/\/www.facebook.com\/Bauxt.design\/","article_modified_time":"2020-05-22T09:24:27+00:00","twitter_card":"summary_large_image","twitter_site":"@Bauxt_design","twitter_misc":{"Dur\u00e9e de lecture estim\u00e9e":"10 minutes"},"schema":{"@context":"https:\/\/schema.org","@graph":[{"@type":"WebPage","@id":"https:\/\/www.bauxt.com\/fr\/privacy-policy\/","url":"https:\/\/www.bauxt.com\/fr\/privacy-policy\/","name":"Privacy policy - Bauxt - Porte blindate Made in Italy","isPartOf":{"@id":"https:\/\/www.bauxt.com\/#website"},"datePublished":"2019-01-18T17:42:25+00:00","dateModified":"2020-05-22T09:24:27+00:00","breadcrumb":{"@id":"https:\/\/www.bauxt.com\/fr\/privacy-policy\/#breadcrumb"},"inLanguage":"fr-FR","potentialAction":[{"@type":"ReadAction","target":["https:\/\/www.bauxt.com\/fr\/privacy-policy\/"]}]},{"@type":"BreadcrumbList","@id":"https:\/\/www.bauxt.com\/fr\/privacy-policy\/#breadcrumb","itemListElement":[{"@type":"ListItem","position":1,"name":"Home","item":"https:\/\/www.bauxt.com\/fr\/"},{"@type":"ListItem","position":2,"name":"Privacy policy"}]},{"@type":"WebSite","@id":"https:\/\/www.bauxt.com\/#website","url":"https:\/\/www.bauxt.com\/","name":"Bauxt - Porte blindate Made in Italy","description":"Bauxt tiene al sicuro ogni casa e chi la abita","publisher":{"@id":"https:\/\/www.bauxt.com\/#organization"},"potentialAction":[{"@type":"SearchAction","target":{"@type":"EntryPoint","urlTemplate":"https:\/\/www.bauxt.com\/?s={search_term_string}"},"query-input":{"@type":"PropertyValueSpecification","valueRequired":true,"valueName":"search_term_string"}}],"inLanguage":"fr-FR"},{"@type":"Organization","@id":"https:\/\/www.bauxt.com\/#organization","name":"Bauxt Spa","url":"https:\/\/www.bauxt.com\/","logo":{"@type":"ImageObject","inLanguage":"fr-FR","@id":"https:\/\/www.bauxt.com\/#\/schema\/logo\/image\/","url":"https:\/\/www.bauxt.com\/wp-content\/uploads\/2017\/06\/bauxt-logo-retina.png","contentUrl":"https:\/\/www.bauxt.com\/wp-content\/uploads\/2017\/06\/bauxt-logo-retina.png","width":288,"height":92,"caption":"Bauxt Spa"},"image":{"@id":"https:\/\/www.bauxt.com\/#\/schema\/logo\/image\/"},"sameAs":["https:\/\/www.facebook.com\/Bauxt.design\/","https:\/\/x.com\/Bauxt_design","https:\/\/www.instagram.com\/bauxt_design\/","https:\/\/www.linkedin.com\/company-beta\/17979933\/","https:\/\/it.pinterest.com\/bauxt_design\/","https:\/\/www.youtube.com\/channel\/UCra8Ed-tqriJSnYFsmULimQ"]}]}},"_links":{"self":[{"href":"https:\/\/www.bauxt.com\/fr\/wp-json\/wp\/v2\/pages\/8285","targetHints":{"allow":["GET"]}}],"collection":[{"href":"https:\/\/www.bauxt.com\/fr\/wp-json\/wp\/v2\/pages"}],"about":[{"href":"https:\/\/www.bauxt.com\/fr\/wp-json\/wp\/v2\/types\/page"}],"author":[{"embeddable":true,"href":"https:\/\/www.bauxt.com\/fr\/wp-json\/wp\/v2\/users\/1"}],"replies":[{"embeddable":true,"href":"https:\/\/www.bauxt.com\/fr\/wp-json\/wp\/v2\/comments?post=8285"}],"version-history":[{"count":7,"href":"https:\/\/www.bauxt.com\/fr\/wp-json\/wp\/v2\/pages\/8285\/revisions"}],"predecessor-version":[{"id":14121,"href":"https:\/\/www.bauxt.com\/fr\/wp-json\/wp\/v2\/pages\/8285\/revisions\/14121"}],"wp:attachment":[{"href":"https:\/\/www.bauxt.com\/fr\/wp-json\/wp\/v2\/media?parent=8285"}],"curies":[{"name":"wp","href":"https:\/\/api.w.org\/{rel}","templated":true}]}}