{"id":7677,"date":"2019-01-18T18:42:25","date_gmt":"2019-01-18T17:42:25","guid":{"rendered":"https:\/\/www.bauxt.com\/privacy-policy\/"},"modified":"2020-05-22T11:25:34","modified_gmt":"2020-05-22T09:25:34","slug":"privacy-policy","status":"publish","type":"page","link":"https:\/\/www.bauxt.com\/es\/privacy-policy\/","title":{"rendered":"Privacy policy"},"content":{"rendered":"<div class=\"fusion-fullwidth fullwidth-box fusion-builder-row-1 nonhundred-percent-fullwidth non-hundred-percent-height-scrolling\" style=\"--awb-border-radius-top-left:0px;--awb-border-radius-top-right:0px;--awb-border-radius-bottom-right:0px;--awb-border-radius-bottom-left:0px;--awb-flex-wrap:wrap;\" ><div class=\"fusion-builder-row fusion-row\"><div class=\"fusion-layout-column fusion_builder_column fusion-builder-column-0 fusion_builder_column_1_1 1_1 fusion-one-full fusion-column-first fusion-column-last\" style=\"--awb-bg-size:cover;\"><div class=\"fusion-column-wrapper fusion-flex-column-wrapper-legacy\"><div class=\"fusion-title title fusion-title-1 fusion-sep-none fusion-title-text fusion-title-size-one\" style=\"--awb-margin-top-small:0px;--awb-margin-right-small:0px;--awb-margin-bottom-small:20px;--awb-margin-left-small:0px;\"><h1 class=\"fusion-title-heading title-heading-left\" style=\"margin:0;\"><span style=\"color: #000000;\">Pol\u00edtica de privacidad<\/span><\/h1><\/div><div class=\"fusion-title title fusion-title-2 sep-underline sep-solid fusion-title-text fusion-title-size-two\" style=\"--awb-margin-top-small:0px;--awb-margin-right-small:0px;--awb-margin-bottom-small:20px;--awb-margin-left-small:0px;\"><h2 class=\"fusion-title-heading title-heading-left\" style=\"margin:0;\">INFORMACI\u00d3N SOBRE EL TRATAMIENTO DE LOS DATOS PERSONALES<\/h2><\/div><div class=\"fusion-sep-clear\"><\/div><div class=\"fusion-separator fusion-full-width-sep\" style=\"margin-left: auto;margin-right: auto;margin-top:10px;margin-bottom:10px;width:100%;\"><\/div><div class=\"fusion-sep-clear\"><\/div><div class=\"fusion-text fusion-text-1\"><p class=\"p1\"><span class=\"s1\">Esta informaci\u00f3n se proporciona, de conformidad con el art. 13 del Reglamento UE 2016\/679 (RGPD), a los usuarios que interact\u00faan con el sitio web de Bauxt, accesible a trav\u00e9s de Internet en la direcci\u00f3n: <\/span><a href=\"https:\/\/www.bauxt.com\/\"><span class=\"s2\">https:\/\/www.bauxt.com\/<\/span><\/a><span class=\"s1\">,<span class=\"Apple-converted-space\">\u00a0 <\/span>correspondiente a la p\u00e1gina inicial del sitio.<br \/>\n<\/span>Esta informaci\u00f3n describe el modo de administrar solo el sitio web oficial de la empresa, pero no de otros sitios web externos que pueden ser consultados por el usuario a trav\u00e9s de los respectivos enlaces.<br \/>\nA trav\u00e9s de diferentes canales de acceso, subdivididos en funci\u00f3n de los temas tratados, se puede proporcionar informaci\u00f3n adicional. En el sitio se puede proporcionar informaci\u00f3n adicional en relaci\u00f3n con servicios espec\u00edficos.<\/p>\n<p><b>Responsable del tratamiento<\/b>: <span class=\"s1\">Bauxt S.r.l. Via G, Agnelli 15 &#8211; 33053 Latisana (UD). Italia. <\/span><span class=\"s1\">Datos de contacto<\/span>: <a href=\"mailto:privacy@bauxt.com\">privacy@bauxt.com<\/a><\/p>\n<\/p>\n<div class=\"table-2\">\n<table width=\"100%\">\n<thead>\n<tr style=\"vertical-align: text-top;\">\n<th align=\"left\">\n<p class=\"p1\"><span class=\"s1\"><b>Finalidad del tratamiento<\/b><\/span><\/p>\n<\/th>\n<th align=\"left\">\n<p class=\"p1\"><span class=\"s1\"><b>Fundamento jur\u00eddico del tratamiento<\/b><\/span><\/p>\n<\/th>\n<th align=\"left\">\n<p class=\"p1\"><span class=\"s1\"><b>Per\u00edodo de almacenamiento de los datos<\/b><\/span><\/p>\n<\/th>\n<\/tr>\n<\/thead>\n<tbody>\n<tr style=\"vertical-align: text-top;\">\n<td align=\"left\">\n<p class=\"p1\"><span class=\"s1\">Actividades administrativas y contables en general, y para el cumplimiento de obligaciones legales, regulaciones y legislaci\u00f3n nacional y supranacional aplicable.<\/span><\/p>\n<\/td>\n<td align=\"left\">\n<p class=\"p1\"><span class=\"s1\">Necesidad de cumplir obligaciones legales.<\/span><\/p>\n<\/td>\n<td align=\"left\"><\/td>\n<\/tr>\n<tr style=\"vertical-align: text-top;\">\n<td align=\"left\">\n<p class=\"p1\"><span class=\"s1\">Si es necesario, para determinar, ejercer o defender los derechos del propietario ante el tribunal.<\/span><\/p>\n<\/td>\n<td align=\"left\">\n<p class=\"p1\"><span class=\"s1\">Inter\u00e9s leg\u00edtimo.<\/span><\/p>\n<\/td>\n<td align=\"left\"><\/td>\n<\/tr>\n<tr style=\"vertical-align: text-top;\">\n<td align=\"left\">\n<p class=\"p1\"><span class=\"s1\">Posible solicitud de contacto, con el env\u00edo de la informaci\u00f3n solicitada por usted.<\/span><\/p>\n<\/td>\n<td align=\"left\">\n<p class=\"p1\"><span class=\"s1\">Ejecuci\u00f3n de un contrato del cual el interesado sea parte o para ejecutar medidas precontractuales adoptadas a petici\u00f3n del mismo [art. 6, (1), (b), del Reglamento].<\/span><\/p>\n<\/td>\n<td align=\"left\">\n<p class=\"p1\"><span class=\"s1\">Duraci\u00f3n contractual y, despu\u00e9s de la terminaci\u00f3n, para el per\u00edodo estatutario ordinario de 10 a\u00f1os. En el caso de un litigio judicial, por la duraci\u00f3n total del mismo, hasta el agotamiento de los t\u00e9rminos de practicabilidad de las impugnaciones.<\/span><\/p>\n<\/td>\n<\/tr>\n<\/tbody>\n<\/table>\n<\/div>\n<p>\n<p class=\"p1\"><span class=\"s1\">Una vez que los t\u00e9rminos de almacenamiento anteriores hayan expirado, los datos ser\u00e1n destruidos, eliminados o an\u00f3nimos, de acuerdo con los procedimientos t\u00e9cnicos de cancelaci\u00f3n y respaldo.<\/span><\/p>\n<p class=\"p1\"><span class=\"s1\" style=\"color: #000000;\"><b>Tipo de datos tratados y m\u00e9todos de recogida<\/b><\/span><\/p>\n<p class=\"p1\"><span class=\"s1\"><b><span style=\"color: #000000;\">Datos de navegaci\u00f3n \u2013 archivos de registro<br \/>\n<\/span><\/b><\/span>Es posible acceder al sitio sin que se solicite al usuario proporcionar ning\u00fan dato personal. Los sistemas inform\u00e1ticos y las aplicaciones dedicadas al funcionamiento de este sitio web detectan, durante su funcionamiento normal, algunos datos (cuya transmisi\u00f3n est\u00e1 impl\u00edcita en el uso de protocolos de comunicaci\u00f3n de Internet) no asociados con usuarios directamente identificables. Los datos recopilados incluyen las direcciones IP de los usuarios que se conectan al sitio, las direcciones en notaci\u00f3n URI (Identificador de Recursos Uniforme) de los recursos solicitados, el momento de la solicitud y el c\u00f3digo num\u00e9rico que indica el estado de la respuesta del servidor (con \u00e9xito, error, etc.).<\/p>\n<p class=\"p1\"><span class=\"s1\">Se trata de informaci\u00f3n que no proporciona datos personales del usuario y que no tiene como fin la identificaci\u00f3n del interesado, sino que se trata de datos t\u00e9cnicos\/inform\u00e1ticos recogidos y utilizados de manera agregada y an\u00f3nima para comprobar el funcionamiento correcto y monitorizar la seguridad del sitio; mejorar la calidad del servicio y proporcionar estad\u00edsticas sobre el uso del mismo; y proceder con la determinaci\u00f3n de la responsabilidad en caso de hipot\u00e9ticos delitos inform\u00e1ticos contra el sitio.<\/span><\/p>\n<p class=\"p1\"><span class=\"s1\"><b><span style=\"color: #000000;\">Datos suministrados voluntariamente por el usuario<\/span><br \/>\n<\/b><\/span>El env\u00edo voluntario y expl\u00edcito de correos electr\u00f3nicos a las direcciones indicadas en los diferentes canales de acceso de este sitio implica la posterior adquisici\u00f3n de la direcci\u00f3n y de los datos del remitente\/usuario, los cuales son necesarios para responder a las instancias producidas y\/o proporcionar el servicio solicitado. Sin embargo, se asegura que dicho tratamiento se basar\u00e1 en los principios de licitud, lealtad y transparencia y de protecci\u00f3n de la confidencialidad como se indica en el RGPD. En cualquier caso, antes de proceder con la activaci\u00f3n de un determinado servicio, se proporcionar\u00e1 la informaci\u00f3n adecuada y, si fuera necesario, se obtendr\u00e1 el consentimiento para el tratamiento de los datos personales. Dicho consentimiento puede retirarse en cualquier momento, haciendo caducar la posibilidad de usar el servicio en cuesti\u00f3n.<\/p>\n<p class=\"p1\"><span class=\"s1\">La falta de consentimiento o revocaci\u00f3n del mismo no implica ninguna consecuencia, salvo la imposibilidad de utilizar el sitio y\/o la prestaci\u00f3n del servicio solicitado o de obtener informaci\u00f3n m\u00e1s detallada sobre las actividades de la empresa.<\/span><\/p>\n<p class=\"p1\"><span class=\"s1\">En cualquier caso, el tratamiento de los datos personales se podr\u00e1 llevar a cabo, si fuera necesario, para lograr un inter\u00e9s leg\u00edtimo del Responsable o de acuerdo con una obligaci\u00f3n legal. En particular, el consentimiento para el tratamiento mencionado en el apartado anterior, relativo a los datos de navegaci\u00f3n y de registro, no es necesario, ya que los datos son tratados siempre que correspondan a un inter\u00e9s leg\u00edtimo (Considerando 47 del RGPD).<\/span><\/p>\n<p class=\"p1\"><span class=\"s1\"><b><span style=\"color: #000000;\">Suministro de los datos<br \/>\n<\/span><\/b><\/span>Adem\u00e1s de lo especificado para los datos de navegaci\u00f3n, la comunicaci\u00f3n de los datos personales por parte del interesado, para las finalidades descritas en el apartado anterior, se considerar\u00e1 facultativa. El no comunicarlos puede implicar que no se puedan utilizar determinados servicios proporcionados por el sitio.<\/p>\n<p class=\"p1\"><span class=\"s1\"><b><span style=\"color: #000000;\">M\u00e9todos de tratamiento de los datos<br \/>\n<\/span><\/b><\/span>Los datos personales se tratan con herramientas automatizadas durante el plazo estrictamente necesario para lograr los fines para los que se recogen, de conformidad con los principios de licitud, limitaci\u00f3n de las finalidades y minimizaci\u00f3n de datos, de conformidad con el art. 5 del RGPD y respetando los plazos obligatorios prescritos por la ley. Se observar\u00e1n medidas de seguridad espec\u00edficas para prevenir la p\u00e9rdida de datos, usos il\u00edcitos o incorrectos, as\u00ed como accesos no autorizados.<\/p>\n<p class=\"p1\"><span class=\"s1\"><b><span style=\"color: #000000;\">Comunicaci\u00f3n y\/o difusi\u00f3n de los datos<br \/>\n<\/span><\/b><\/span>Sus datos, objeto del tratamiento, no se divulgar\u00e1n, pero podr\u00e1n ser comunicados a sociedades vinculadas contractualmente a la empresa, de conformidad y dentro de los l\u00edmites del RGPD. Los datos personales se almacenan en servidores ubicados dentro de la Uni\u00f3n Europea. De cualquier manera, queda entendido que el Responsable, si es necesario, tendr\u00e1 derecho a mover los servidores incluso fuera de la UE. En este caso, el Responsable garantiza que la transferencia de datos fuera de la UE se realizar\u00e1 de conformidad con las disposiciones legales aplicables, sujeto a lo estipulado en las cl\u00e1usulas contractuales est\u00e1ndar, proporcionadas por la Comisi\u00f3n Europea, y se informar\u00e1 al usuario.<\/p>\n<p class=\"p1\"><span class=\"s1\"> Los datos podr\u00e1n ser comunicados a terceros pertenecientes a las siguientes categor\u00edas:<\/span><\/p>\n<p class=\"p2\"><span class=\"s1\">\u2013 sujetos que prestan servicios de gesti\u00f3n del sistema inform\u00e1tico utilizado por la empresa y de las redes de telecomunicaciones (incluido el correo electr\u00f3nico);<\/span><\/p>\n<p class=\"p2\"><span class=\"s1\">\u2013 estudios o empresas en el \u00e1mbito de relaciones de asistencia y asesoramiento;<\/span><\/p>\n<p class=\"p3\"><span class=\"s1\">\u2013 autoridades competentes para cumplir con obligaciones legales y\/o disposiciones de organismos p\u00fablicos, a petici\u00f3n.<\/span><\/p>\n<p class=\"p3\"><span class=\"s1\">Los sujetos que pertenecen a las categor\u00edas anteriores cumplen la funci\u00f3n de Encargado del tratamiento de datos, o act\u00faan de forma independiente como otros Responsables del tratamiento de datos. La lista de los Encargados se actualiza constantemente y est\u00e1 disponible en el domicilio de la empresa. Cualquier comunicaci\u00f3n adicional o difusi\u00f3n estar\u00e1 sujeta al consentimiento expreso del usuario.<\/span><\/p>\n<p class=\"p1\"><span class=\"s1\"><b><span style=\"color: #000000;\">Posible existencia de decisiones automatizadas<\/span><br \/>\n<\/b><\/span>El Responsable comunica al interesado que en este sitio no existen decisiones automatizadas, por lo que en particular no existe una elaboraci\u00f3n de perfiles.<\/p>\n<p><span class=\"s1\"><b><span style=\"color: #000000;\">Menores<br \/>\n<\/span><\/b><\/span><span class=\"s1\">Este Sitio y los Servicios del Responsable no est\u00e1n destinados a menores de 16 a\u00f1os y el Responsable no recaba intencionalmente informaci\u00f3n personal sobre menores. En caso de que se llegase a registrar informaci\u00f3n sobre menores involuntariamente, el Responsable la eliminar\u00e1 inmediatamente, a petici\u00f3n de los usuarios.<\/span><\/p>\n<p class=\"p1\"><span class=\"s1\"><b><span style=\"color: #000000;\">Derechos del interesado<\/span><br \/>\n<\/b><\/span><span class=\"s1\">Los interesados tienen el derecho de recibir por parte de la Empresa informaci\u00f3n sobre el tratamiento efectuado a la informaci\u00f3n personal mediante correo electr\u00f3nico a<\/span>: <a href=\"mailto: privacy@bauxt.com\">privacy@bauxt.com<\/a><\/p>\n<ul>\n<li class=\"li1\"><span class=\"s2\"><b>Derecho de acceso: <\/b>somos transparentes sobre los datos que recogemos y sobre el uso que hacemos de ellos. Puede contactarnos en cualquier momento enviando un correo electr\u00f3nico para acceder a la informaci\u00f3n en nuestro poder.<\/span><\/li>\n<li class=\"li1\"><span class=\"s2\"><b>Derecho de rectificaci\u00f3n:<\/b> usted tiene derecho a obtener la rectificaci\u00f3n de cualquier informaci\u00f3n inexacta o incompleta, as\u00ed como solicitar su actualizaci\u00f3n y\/o modificaci\u00f3n.<\/span><\/li>\n<li class=\"li1\"><span class=\"s2\"><b>Derecho a la supresi\u00f3n: <\/b>env\u00ede una solicitud de supresi\u00f3n de todos los datos que le conciernen y dentro de 30 d\u00edas procesaremos su solicitud.<\/span><\/li>\n<li class=\"li1\"><span class=\"s2\"><b>Derecho a la limitaci\u00f3n:<\/b> usted tiene derecho a solicitar que el responsable de los datos limite el tratamiento de sus datos.<\/span><\/li>\n<li class=\"li1\"><span class=\"s2\"><b>Derecho a la portabilidad: <\/b>si nos lo solicitase, exportaremos sus datos para que puedan ser transferidos a terceros en un formato estructurado, de uso com\u00fan y legible por dispositivo autom\u00e1tico.<\/span><\/li>\n<li class=\"li1\"><span class=\"s2\"><b>Derecho de oposici\u00f3n: <\/b>usted puede darse de baja en cualquier momento de todos los usos espec\u00edficos que hacemos de sus datos (boletines de noticias, correos electr\u00f3nicos autom\u00e1ticos, etc.).<\/span><\/li>\n<li class=\"li1\"><span class=\"s2\"><b>Derecho a presentar una reclamaci\u00f3n: <\/b>si usted considera que no se han respetado sus derechos, puede presentar una reclamaci\u00f3n ante la autoridad competente, de acuerdo con las indicaciones publicadas en el sitio <a href=\"http:\/\/www.garanteprivacy.it\">www.garanteprivacy.it<\/a> o mediante un correo electr\u00f3nico a <a href=\"mailto:urp@gpdp.it\">urp@gpdp.it<\/a><\/span><\/li>\n<\/ul>\n<p class=\"p1\"><span class=\"s1\" style=\"color: #000000;\"><b>\u00a0<\/b><\/span><\/p>\n<\/div><div class=\"fusion-clearfix\"><\/div><\/div><\/div><\/div><\/div>\n","protected":false},"excerpt":{"rendered":"","protected":false},"author":1,"featured_media":0,"parent":0,"menu_order":0,"comment_status":"closed","ping_status":"closed","template":"","meta":{"footnotes":""},"class_list":["post-7677","page","type-page","status-publish","hentry"],"yoast_head":"<!-- This site is optimized with the Yoast SEO plugin v27.5 - https:\/\/yoast.com\/product\/yoast-seo-wordpress\/ -->\n<title>Privacy policy - Bauxt - Porte blindate Made in Italy<\/title>\n<meta name=\"robots\" content=\"index, follow, max-snippet:-1, max-image-preview:large, max-video-preview:-1\" \/>\n<link rel=\"canonical\" href=\"https:\/\/www.bauxt.com\/es\/privacy-policy\/\" \/>\n<meta property=\"og:locale\" content=\"es_ES\" \/>\n<meta property=\"og:type\" content=\"article\" \/>\n<meta property=\"og:title\" content=\"Privacy policy - Bauxt - Porte blindate Made in Italy\" \/>\n<meta property=\"og:url\" content=\"https:\/\/www.bauxt.com\/es\/privacy-policy\/\" \/>\n<meta property=\"og:site_name\" content=\"Bauxt - Porte blindate Made in Italy\" \/>\n<meta property=\"article:publisher\" content=\"https:\/\/www.facebook.com\/Bauxt.design\/\" \/>\n<meta property=\"article:modified_time\" content=\"2020-05-22T09:25:34+00:00\" \/>\n<meta name=\"twitter:card\" content=\"summary_large_image\" \/>\n<meta name=\"twitter:site\" content=\"@Bauxt_design\" \/>\n<meta name=\"twitter:label1\" content=\"Tiempo de lectura\" \/>\n\t<meta name=\"twitter:data1\" content=\"10 minutos\" \/>\n<script type=\"application\/ld+json\" class=\"yoast-schema-graph\">{\"@context\":\"https:\\\/\\\/schema.org\",\"@graph\":[{\"@type\":\"WebPage\",\"@id\":\"https:\\\/\\\/www.bauxt.com\\\/es\\\/privacy-policy\\\/\",\"url\":\"https:\\\/\\\/www.bauxt.com\\\/es\\\/privacy-policy\\\/\",\"name\":\"Privacy policy - Bauxt - Porte blindate Made in Italy\",\"isPartOf\":{\"@id\":\"https:\\\/\\\/www.bauxt.com\\\/#website\"},\"datePublished\":\"2019-01-18T17:42:25+00:00\",\"dateModified\":\"2020-05-22T09:25:34+00:00\",\"breadcrumb\":{\"@id\":\"https:\\\/\\\/www.bauxt.com\\\/es\\\/privacy-policy\\\/#breadcrumb\"},\"inLanguage\":\"es\",\"potentialAction\":[{\"@type\":\"ReadAction\",\"target\":[\"https:\\\/\\\/www.bauxt.com\\\/es\\\/privacy-policy\\\/\"]}]},{\"@type\":\"BreadcrumbList\",\"@id\":\"https:\\\/\\\/www.bauxt.com\\\/es\\\/privacy-policy\\\/#breadcrumb\",\"itemListElement\":[{\"@type\":\"ListItem\",\"position\":1,\"name\":\"Home\",\"item\":\"https:\\\/\\\/www.bauxt.com\\\/es\\\/\"},{\"@type\":\"ListItem\",\"position\":2,\"name\":\"Privacy policy\"}]},{\"@type\":\"WebSite\",\"@id\":\"https:\\\/\\\/www.bauxt.com\\\/#website\",\"url\":\"https:\\\/\\\/www.bauxt.com\\\/\",\"name\":\"Bauxt - Porte blindate Made in Italy\",\"description\":\"Bauxt tiene al sicuro ogni casa e chi la abita\",\"publisher\":{\"@id\":\"https:\\\/\\\/www.bauxt.com\\\/#organization\"},\"potentialAction\":[{\"@type\":\"SearchAction\",\"target\":{\"@type\":\"EntryPoint\",\"urlTemplate\":\"https:\\\/\\\/www.bauxt.com\\\/?s={search_term_string}\"},\"query-input\":{\"@type\":\"PropertyValueSpecification\",\"valueRequired\":true,\"valueName\":\"search_term_string\"}}],\"inLanguage\":\"es\"},{\"@type\":\"Organization\",\"@id\":\"https:\\\/\\\/www.bauxt.com\\\/#organization\",\"name\":\"Bauxt Spa\",\"url\":\"https:\\\/\\\/www.bauxt.com\\\/\",\"logo\":{\"@type\":\"ImageObject\",\"inLanguage\":\"es\",\"@id\":\"https:\\\/\\\/www.bauxt.com\\\/#\\\/schema\\\/logo\\\/image\\\/\",\"url\":\"https:\\\/\\\/www.bauxt.com\\\/wp-content\\\/uploads\\\/2017\\\/06\\\/bauxt-logo-retina.png\",\"contentUrl\":\"https:\\\/\\\/www.bauxt.com\\\/wp-content\\\/uploads\\\/2017\\\/06\\\/bauxt-logo-retina.png\",\"width\":288,\"height\":92,\"caption\":\"Bauxt Spa\"},\"image\":{\"@id\":\"https:\\\/\\\/www.bauxt.com\\\/#\\\/schema\\\/logo\\\/image\\\/\"},\"sameAs\":[\"https:\\\/\\\/www.facebook.com\\\/Bauxt.design\\\/\",\"https:\\\/\\\/x.com\\\/Bauxt_design\",\"https:\\\/\\\/www.instagram.com\\\/bauxt_design\\\/\",\"https:\\\/\\\/www.linkedin.com\\\/company-beta\\\/17979933\\\/\",\"https:\\\/\\\/it.pinterest.com\\\/bauxt_design\\\/\",\"https:\\\/\\\/www.youtube.com\\\/channel\\\/UCra8Ed-tqriJSnYFsmULimQ\"]}]}<\/script>\n<!-- \/ Yoast SEO plugin. -->","yoast_head_json":{"title":"Privacy policy - Bauxt - Porte blindate Made in Italy","robots":{"index":"index","follow":"follow","max-snippet":"max-snippet:-1","max-image-preview":"max-image-preview:large","max-video-preview":"max-video-preview:-1"},"canonical":"https:\/\/www.bauxt.com\/es\/privacy-policy\/","og_locale":"es_ES","og_type":"article","og_title":"Privacy policy - Bauxt - Porte blindate Made in Italy","og_url":"https:\/\/www.bauxt.com\/es\/privacy-policy\/","og_site_name":"Bauxt - Porte blindate Made in Italy","article_publisher":"https:\/\/www.facebook.com\/Bauxt.design\/","article_modified_time":"2020-05-22T09:25:34+00:00","twitter_card":"summary_large_image","twitter_site":"@Bauxt_design","twitter_misc":{"Tiempo de lectura":"10 minutos"},"schema":{"@context":"https:\/\/schema.org","@graph":[{"@type":"WebPage","@id":"https:\/\/www.bauxt.com\/es\/privacy-policy\/","url":"https:\/\/www.bauxt.com\/es\/privacy-policy\/","name":"Privacy policy - Bauxt - Porte blindate Made in Italy","isPartOf":{"@id":"https:\/\/www.bauxt.com\/#website"},"datePublished":"2019-01-18T17:42:25+00:00","dateModified":"2020-05-22T09:25:34+00:00","breadcrumb":{"@id":"https:\/\/www.bauxt.com\/es\/privacy-policy\/#breadcrumb"},"inLanguage":"es","potentialAction":[{"@type":"ReadAction","target":["https:\/\/www.bauxt.com\/es\/privacy-policy\/"]}]},{"@type":"BreadcrumbList","@id":"https:\/\/www.bauxt.com\/es\/privacy-policy\/#breadcrumb","itemListElement":[{"@type":"ListItem","position":1,"name":"Home","item":"https:\/\/www.bauxt.com\/es\/"},{"@type":"ListItem","position":2,"name":"Privacy policy"}]},{"@type":"WebSite","@id":"https:\/\/www.bauxt.com\/#website","url":"https:\/\/www.bauxt.com\/","name":"Bauxt - Porte blindate Made in Italy","description":"Bauxt tiene al sicuro ogni casa e chi la abita","publisher":{"@id":"https:\/\/www.bauxt.com\/#organization"},"potentialAction":[{"@type":"SearchAction","target":{"@type":"EntryPoint","urlTemplate":"https:\/\/www.bauxt.com\/?s={search_term_string}"},"query-input":{"@type":"PropertyValueSpecification","valueRequired":true,"valueName":"search_term_string"}}],"inLanguage":"es"},{"@type":"Organization","@id":"https:\/\/www.bauxt.com\/#organization","name":"Bauxt Spa","url":"https:\/\/www.bauxt.com\/","logo":{"@type":"ImageObject","inLanguage":"es","@id":"https:\/\/www.bauxt.com\/#\/schema\/logo\/image\/","url":"https:\/\/www.bauxt.com\/wp-content\/uploads\/2017\/06\/bauxt-logo-retina.png","contentUrl":"https:\/\/www.bauxt.com\/wp-content\/uploads\/2017\/06\/bauxt-logo-retina.png","width":288,"height":92,"caption":"Bauxt Spa"},"image":{"@id":"https:\/\/www.bauxt.com\/#\/schema\/logo\/image\/"},"sameAs":["https:\/\/www.facebook.com\/Bauxt.design\/","https:\/\/x.com\/Bauxt_design","https:\/\/www.instagram.com\/bauxt_design\/","https:\/\/www.linkedin.com\/company-beta\/17979933\/","https:\/\/it.pinterest.com\/bauxt_design\/","https:\/\/www.youtube.com\/channel\/UCra8Ed-tqriJSnYFsmULimQ"]}]}},"_links":{"self":[{"href":"https:\/\/www.bauxt.com\/es\/wp-json\/wp\/v2\/pages\/7677","targetHints":{"allow":["GET"]}}],"collection":[{"href":"https:\/\/www.bauxt.com\/es\/wp-json\/wp\/v2\/pages"}],"about":[{"href":"https:\/\/www.bauxt.com\/es\/wp-json\/wp\/v2\/types\/page"}],"author":[{"embeddable":true,"href":"https:\/\/www.bauxt.com\/es\/wp-json\/wp\/v2\/users\/1"}],"replies":[{"embeddable":true,"href":"https:\/\/www.bauxt.com\/es\/wp-json\/wp\/v2\/comments?post=7677"}],"version-history":[{"count":5,"href":"https:\/\/www.bauxt.com\/es\/wp-json\/wp\/v2\/pages\/7677\/revisions"}],"predecessor-version":[{"id":14122,"href":"https:\/\/www.bauxt.com\/es\/wp-json\/wp\/v2\/pages\/7677\/revisions\/14122"}],"wp:attachment":[{"href":"https:\/\/www.bauxt.com\/es\/wp-json\/wp\/v2\/media?parent=7677"}],"curies":[{"name":"wp","href":"https:\/\/api.w.org\/{rel}","templated":true}]}}