{"id":8526,"date":"2019-01-18T18:42:25","date_gmt":"2019-01-18T17:42:25","guid":{"rendered":"https:\/\/www.bauxt.com\/privacy-policy\/"},"modified":"2020-05-22T11:21:49","modified_gmt":"2020-05-22T09:21:49","slug":"privacy-policy","status":"publish","type":"page","link":"https:\/\/www.bauxt.com\/de\/privacy-policy\/","title":{"rendered":"Privacy policy"},"content":{"rendered":"<div class=\"fusion-fullwidth fullwidth-box fusion-builder-row-1 nonhundred-percent-fullwidth non-hundred-percent-height-scrolling\" style=\"--awb-border-radius-top-left:0px;--awb-border-radius-top-right:0px;--awb-border-radius-bottom-right:0px;--awb-border-radius-bottom-left:0px;--awb-flex-wrap:wrap;\" ><div class=\"fusion-builder-row fusion-row\"><div class=\"fusion-layout-column fusion_builder_column fusion-builder-column-0 fusion_builder_column_1_1 1_1 fusion-one-full fusion-column-first fusion-column-last\" style=\"--awb-bg-size:cover;\"><div class=\"fusion-column-wrapper fusion-flex-column-wrapper-legacy\"><div class=\"fusion-title title fusion-title-1 fusion-sep-none fusion-title-text fusion-title-size-one\" style=\"--awb-margin-top-small:0px;--awb-margin-right-small:0px;--awb-margin-bottom-small:20px;--awb-margin-left-small:0px;\"><h1 class=\"fusion-title-heading title-heading-left\" style=\"margin:0;\"><span style=\"color: #000000;\">Datenschutzrichtlinie<\/span><\/h1><\/div><div class=\"fusion-title title fusion-title-2 sep-underline sep-solid fusion-title-text fusion-title-size-two\" style=\"--awb-margin-top-small:0px;--awb-margin-right-small:0px;--awb-margin-bottom-small:20px;--awb-margin-left-small:0px;\"><h2 class=\"fusion-title-heading title-heading-left\" style=\"margin:0;\">INFORMATIONEN ZUR VERARBEITUNG PERSONENBEZOGENER DATEN<\/h2><\/div><div class=\"fusion-sep-clear\"><\/div><div class=\"fusion-separator fusion-full-width-sep\" style=\"margin-left: auto;margin-right: auto;margin-top:10px;margin-bottom:10px;width:100%;\"><\/div><div class=\"fusion-sep-clear\"><\/div><div class=\"fusion-text fusion-text-1\"><p class=\"p1\"><span class=\"s1\">Diese Informationen werden gem\u00e4\u00df Art. 13 der EU-Verordnung 2016\/679 (DSGVO) an die Nutzer weitergegeben, die mit der Website der Bauxt S.r.l. interagieren, auf die telematisch von der Adresse <\/span><span class=\"s2\">https:\/\/www.bauxt.com\/<\/span><span class=\"s1\"> \u00fcber die Startseite der Homepage zugegriffen werden kann.<br \/>\n<\/span>Diese Informationen beschreiben ausschlie\u00dflich, wie die offizielle Website des Unternehmens verwaltet wird, aber nicht von anderen externen Websites, die eventuell vom Nutzer \u00fcber einen Link aufrufbar sind.<br \/>\nZusatzinformationen k\u00f6nnen auf den verschiedenen Zugriffskan\u00e4len bereitgestellt werden, die in behandelte Themen untergliedert sind. Auf der Website k\u00f6nnen weitere Informationen zu bestimmten Diensten bereitgestellt werden.<\/p>\n<p class=\"p2\"><span class=\"s3\"><b>Verantwortlicher f\u00fcr die Datenverarbeitung: <\/b><\/span><span class=\"s1\">Bauxt S.r.l. Via G, Agnelli 15 &#8211; 33053 Latisana (UD) Kontaktdaten: <a href=\"mailto:privacy@bauxt.com\">privacy@bauxt.com<\/a><\/span><\/p>\n<\/p>\n<div class=\"table-2\">\n<table width=\"100%\">\n<thead>\n<tr style=\"vertical-align: text-top;\">\n<th align=\"left\">\n<p class=\"p1\"><span class=\"s1\"><b>Zweck der Datenverarbeitung<\/b><\/span><\/p>\n<\/th>\n<th align=\"left\">\n<p class=\"p1\"><span class=\"s1\"><b>Rechtsgrundlage der Datenverarbeitung<\/b><\/span><\/p>\n<\/th>\n<th align=\"left\">\n<p class=\"p1\"><span class=\"s1\"><b>Dauer der Datenspeicherung<\/b><\/span><\/p>\n<\/th>\n<\/tr>\n<\/thead>\n<tbody>\n<tr style=\"vertical-align: text-top;\">\n<td align=\"left\">\n<p class=\"p1\"><span class=\"s1\">Verwaltungs- und Buchhaltungst\u00e4tigkeiten im Allgemeinen und zur Erf\u00fcllung gesetzlicher Auflagen, Vorschriften sowie der geltenden nationalen und internationalen Gesetze<\/span><\/p>\n<\/td>\n<td align=\"left\">\n<p class=\"p1\"><span class=\"s1\">Notwendigkeit, gesetzliche Auflagen zu erf\u00fcllen<\/span><\/p>\n<\/td>\n<td align=\"left\"><\/td>\n<\/tr>\n<tr style=\"vertical-align: text-top;\">\n<td align=\"left\">\n<p class=\"p1\"><span class=\"s1\">Falls erforderlich, um die Rechte des Verantwortlichen vor Gericht festzustellen, auszu\u00fcben oder zu verteidigen<\/span><\/p>\n<\/td>\n<td align=\"left\">\n<p class=\"p1\"><span class=\"s1\">Berechtigtes Interesse<\/span><\/p>\n<\/td>\n<td align=\"left\"><\/td>\n<\/tr>\n<tr style=\"vertical-align: text-top;\">\n<td align=\"left\">\n<p class=\"p1\"><span class=\"s1\">M\u00f6gliche Kontaktanfrage mit Zusendung der von Ihnen angeforderten Informationen;<\/span><\/p>\n<\/td>\n<td align=\"left\">\n<p class=\"p1\"><span class=\"s1\">Erf\u00fcllung eines Vertrages mit der betroffenen Person oder Durchf\u00fchrung vorvertraglicher Ma\u00dfnahmen auf Antrag der betroffenen Person (Art. 6(1)(b) der Verordnung).<\/span><\/p>\n<\/td>\n<td align=\"left\">\n<p class=\"p1\"><span class=\"s1\">Vertragsdauer und nach Beendigung f\u00fcr die ordentliche Verj\u00e4hrungsfrist von 10 Jahren.<span class=\"Apple-converted-space\">\u00a0 <\/span>Im Falle von Rechtsstreitigkeiten, f\u00fcr die gesamte Dauer derselben, bis die Rechtsbehelfsfristen der Beschwerde ausgesch\u00f6pft sind<\/span><\/p>\n<\/td>\n<\/tr>\n<\/tbody>\n<\/table>\n<\/div>\n<p>\n<p class=\"p1\"><span class=\"s1\">Nach Ablauf der vorgenannten Aufbewahrungsfristen werden die Daten gem\u00e4\u00df den technischen Verfahren f\u00fcr die L\u00f6schung und Sicherung vernichtet, gel\u00f6scht oder anonymisiert.<\/span><\/p>\n<p class=\"p1\"><span class=\"s1\" style=\"color: #000000;\"><b>Art der verarbeiteten Daten und Erhebungsmethoden<\/b><\/span><\/p>\n<p class=\"p1\"><span class=\"s1\"><b><span style=\"color: #000000;\">Navigationsdaten \u2013 Log Files<br \/>\n<\/span><\/b><\/span>Es ist m\u00f6glich auf die Webseite zuzugreifen, ohne dass der Nutzer zur Angabe pers\u00f6nlicher Daten aufgefordert wird. Die Computersysteme und Anwendungen, die f\u00fcr das Funktionieren dieser Website vorgesehen sind, erkennen w\u00e4hrend ihres normalen Betriebs einige Daten (deren \u00dcbertragung mit der Verwendung von Internet-Kommunikationsprotokollen einhergeht), die direkt identifizierbaren Nutzern nicht zugeordnet sind. Die erfassten Daten umfassen die IP-Adressen der Nutzer, die sich mit der Website verbinden, die URI-Adressen (Uniform Resource Identifier) der angeforderten Ressourcen, den Zeitpunkt der Anfrage und der Zahlencode, der den Status der vom Server \u00fcbermittelten Antwort angibt (erfolgreich, fehlerhaft usw.).<\/p>\n<p class=\"p1\"><span class=\"s1\">Hierbei handelt es sich um Informationen, die keine personenbezogenen Daten des Nutzers enthalten und nicht zur Zuordnung zu identifizierten betroffenen Personen gesammelt werden. Es handelt sich jedoch um technische \/ IT-Daten, die in aggregierter und anonymer Weise gesammelt und verwendet werden, um das ordnungsgem\u00e4\u00dfe Funktionieren und die Sicherheit der Website zu \u00fcberpr\u00fcfen bzw. zu \u00fcberwachen, die Servicequalit\u00e4t zu verbessern und Statistiken \u00fcber die Nutzung der Website bereitzustellen; die Verantwortlichkeit im Falle hypothetischer Computerkriminalit\u00e4t gegen die Website festzustellen.<\/span><\/p>\n<p class=\"p1\"><span class=\"s1\"><b><span style=\"color: #000000;\">Vom Nutzer freiwillig zur Verf\u00fcgung gestellte Daten<br \/>\n<\/span><\/b><\/span>Das freiwillige und ausdr\u00fcckliche Versenden von E-Mails an die in den verschiedenen Zugriffskan\u00e4len dieser Website angegebenen Adressen erfordert die sp\u00e4tere Erfassung der Adresse und Daten des Absenders \/ Nutzers, die zur Beantwortung der gestellten Anfragen und \/ oder zur Erbringung der gew\u00fcnschten Dienstleistung erforderlich sind. Es ist jedoch sichergestellt, dass diese Verarbeitung auf den Grunds\u00e4tzen der Verarbeitung nach Treu und Glauben, Rechtm\u00e4\u00dfigkeit, Transparenz und des Schutzes der Vertraulichkeit beruht, wie dies in der DSGVO vorgesehen ist. Bevor ein bestimmter Dienst aktiviert wird, werden geeignete Informationen zur Verf\u00fcgung gestellt und, falls erforderlich, die Zustimmung zur Verarbeitung personenbezogener Daten eingeholt. Diese Zustimmung kann dann jederzeit widerrufen werden, wodurch die M\u00f6glichkeit der Nutzung des betreffenden Dienstes erlischt.<\/p>\n<p class=\"p1\"><span class=\"s1\">Sollte die Zustimmung oder der Widerruf der Zustimmung nicht erfolgen, hat dies keine Auswirkungen, vorbehaltlich der Unm\u00f6glichkeit der Nutzung der Website und\/oder der Erbringung der angeforderten Dienstleistung oder der Einholung detaillierterer Informationen \u00fcber die Aktivit\u00e4ten des Unternehmens.<\/span><\/p>\n<p class=\"p1\"><span class=\"s1\">In jedem Fall kann die Verarbeitung personenbezogener Daten erforderlichenfalls zur Verfolgung eines berechtigten Interesses des Verantwortlichen oder aufgrund einer gesetzlichen Verpflichtung erfolgen. Konkret ist es nicht erforderlich, die Zustimmung zu der im vorhergehenden Punkt genannten Verarbeitung von Navigations- und Logdaten einzuholen, da die Daten als im Einklang mit einem berechtigten Interesse behandelt werden (unter Ber\u00fccksichtigung von Art. 47 der DSGVO).\u00a0<\/span><\/p>\n<p class=\"p1\"><span class=\"s1\"><b><span style=\"color: #000000;\">Bereitstellung der Daten<br \/>\n<\/span><\/b><\/span>Abgesehen von den f\u00fcr die Navigation angegebenen Daten ist die Bereitstellung personenbezogener Daten seitens der betreffenden Person f\u00fcr bestimmte, im vorherigen Absatz beschriebene Zwecke als optional anzusehen. Wenn diese Daten nicht zur Verf\u00fcgung gestellt werden, kann dies dazu f\u00fchren, dass bestimmte, von der Website bereitgestellte Dienste nicht genutzt werden k\u00f6nnen.<\/p>\n<p class=\"p1\"><span class=\"s1\"><b><span style=\"color: #000000;\">Art und Weise der Datenverarbeitung<br \/>\n<\/span><\/b><\/span>Personenbezogene Daten werden mit automatisierten Systemen f\u00fcr den Zeitraum verarbeitet, der unbedingt erforderlich ist, um die Zwecke zu erreichen, f\u00fcr die sie gem\u00e4\u00df den Grunds\u00e4tzen der Rechtm\u00e4\u00dfigkeit, der Zweckbindung und der Minimierung der Daten gem\u00e4\u00df Artikel 5 der DSGVO und unter Einhaltung der gesetzlich vorgeschriebenen Fristen erhoben werden. Es werden besondere Sicherheitsma\u00dfnahmen getroffen, um den Verlust von Daten, die unrechtm\u00e4\u00dfige oder fehlerhafte Nutzung und den unberechtigten Zugriff zu verhindern.<\/p>\n<p class=\"p1\"><span class=\"s1\"><b><span style=\"color: #000000;\">Bereitstellung und\/oder Offenlegung von Daten<br \/>\n<\/span><\/b><\/span>Ihre Daten, die Gegenstand der Verarbeitung sind, werden nicht offengelegt, aber sie d\u00fcrfen gem\u00e4\u00df und im Rahmen der DSGVO jenen Gesellschaften mitgeteilt werden, die vertraglich an das Unternehmen gebunden sind. Die personenbezogenen Daten werden auf Servern innerhalb der Europ\u00e4ischen Union gespeichert. Es versteht sich, dass der Verantwortliche, falls erforderlich, das Recht hat, die Server au\u00dferhalb der EU zu transferieren. In diesem Fall stellt der Verantwortliche nun sicher, dass die Daten\u00fcbertragung au\u00dferhalb der EU den geltenden gesetzlichen Bestimmungen entspricht, sofern die von der Europ\u00e4ischen Kommission vorgesehenen Standardvertragsklauseln vereinbart werden und der Nutzer dar\u00fcber informiert wird.<\/p>\n<p class=\"p1\"><span class=\"s1\">Die Daten k\u00f6nnen an Dritte weitergegeben werden, die den nachfolgenden Kategorien angeh\u00f6ren:<\/span><\/p>\n<p class=\"p2\"><span class=\"s1\">\u2013 Personen, die Dienstleistungen f\u00fcr die Verwaltung des vom Unternehmen genutzten Informationssystems und der Telekommunikationsnetze erbringen (einschlie\u00dflich der elektronischen Post);<\/span><\/p>\n<p class=\"p2\"><span class=\"s1\">\u2013 Studien oder Gesellschaften auf dem Gebiet der Amtshilfe und Beratung;<\/span><\/p>\n<p class=\"p3\"><span class=\"s1\"> \u2013 zust\u00e4ndige Beh\u00f6rden zur Erf\u00fcllung gesetzlicher Auflagen und\/oder Bestimmungen \u00f6ffentlicher Stellen auf Anfrage.<\/span><\/p>\n<p class=\"p3\"><span class=\"s1\">Die zu den oben genannten Kategorien geh\u00f6renden Personen fungieren als Auftragsverarbeiter der Daten oder arbeiten in v\u00f6lliger Autonomie als eigenst\u00e4ndige Verantwortliche. Die Liste der Auftragsverarbeiter wird laufend aktualisiert und ist am Unternehmenssitz verf\u00fcgbar. Jede weitere Offenlegung oder Verbreitung erfolgt nur mit Ihrer ausdr\u00fccklichen Zustimmung. <\/span><\/p>\n<p class=\"p1\"><span class=\"s1\"><b><span style=\"color: #000000;\">Allf\u00e4lliges Bestehen einer automatisierten Entscheidungsfindung<br \/>\n<\/span><\/b><\/span>Der Verantwortliche informiert die betroffene Person, dass es auf dieser Website keine automatisierte Entscheidungsfindung gibt, konkret gibt es kein Profiling-System.<\/p>\n<p class=\"p1\"><span class=\"s1\"><b><span style=\"color: #000000;\">Minderj\u00e4hrige<br \/>\n<\/span><\/b><\/span>Diese Website und die Dienste des Verantwortlichen sind nicht f\u00fcr Personen unter 16 Jahren bestimmt. Der Verantwortliche erhebt bewusst keine personenbezogenen Daten, die sich auf Minderj\u00e4hrige beziehen. Sollten die Informationen \u00fcber Minderj\u00e4hrige unbeabsichtigt gespeichert werden, hat der Verantwortliche diese auf Anfrage der Nutzer unverz\u00fcglich zu l\u00f6schen.<\/p>\n<p class=\"p1\"><span class=\"s1\"><b><span style=\"color: #000000;\">Rechte der betroffenen Person<br \/>\n<\/span><\/b><\/span><span class=\"s1\">Die betroffenen Personen haben das Recht, vom Unternehmen Informationen \u00fcber die Verarbeitung personenbezogener Daten mittels Mail an: <\/span><span class=\"s2\"><a href=\"mailto:privacy@bauxt.com\">privacy@bauxt.com<\/a> zu erhalten.<\/span><\/p>\n<ul>\n<li class=\"li1\"><span class=\"s2\"><b>Auskunftsrecht: <\/b>Wir sind transparent in Bezug auf die von uns erfassten Daten und deren Verwendung. Sie k\u00f6nnen uns jederzeit per E-Mail kontaktieren, um Auskunft \u00fcber die in unserem Besitz befindlichen Informationen zu erhalten.<\/span><\/li>\n<li class=\"li1\"><span class=\"s2\"><b>Recht auf Berichtigung:<\/b><span class=\"Apple-converted-space\">\u00a0 <\/span>Sie haben das Recht, die Berichtigung ungenauer oder unvollst\u00e4ndiger Informationen und deren Aktualisierung und \/ oder \u00c4nderung zu verlangen.<\/span><\/li>\n<li class=\"li1\"><span class=\"s2\"><b>Recht auf L\u00f6schung:<\/b> Wenn Sie eine Anfrage zur L\u00f6schung aller Sie betreffenden Daten \u00fcbermitteln, werden wir Ihre Anfrage innerhalb von 30 Tagen bearbeiten.<\/span><\/li>\n<li class=\"li1\"><span class=\"s2\"><b>Recht auf Einschr\u00e4nkung:<\/b><span class=\"Apple-converted-space\">\u00a0 <\/span>Sie haben das Recht, vom Verantwortlichen die Einschr\u00e4nkung der Verarbeitung Ihrer Daten zu verlangen.<\/span><\/li>\n<li class=\"li1\"><span class=\"s2\"><b>Recht auf Daten\u00fcbertragbarkeit: <\/b>Auf Ihren Wunsch exportieren wir Ihre Daten so, dass sie in einem strukturierten, g\u00e4ngigen und maschinenlesbaren Format an Dritte weitergegeben werden k\u00f6nnen.<\/span><\/li>\n<li class=\"li1\"><span class=\"s2\"><b>Widerspruchsrecht: <\/b>Sie k\u00f6nnen sich jederzeit von allen spezifischen Nutzungen Ihrer Daten (Newsletter, automatische E-Mails usw.) abmelden.<\/span><\/li>\n<li class=\"li1\"><span class=\"s2\"><b>Recht auf Beschwerde: <\/b>Wenn Sie der Ansicht sind, dass Ihre Rechte nicht gewahrt wurden, k\u00f6nnen Sie eine Beschwerde bei der zust\u00e4ndigen Beh\u00f6rde gem\u00e4\u00df den Anweisungen auf der Website www.garanteprivacy.it oder per E-Mail an <a href=\"mailto:urp@gpdp.it\">urp@gpdp.it<\/a> einreichen.<\/span><\/li>\n<\/ul>\n<p class=\"p1\"><span class=\"s1\" style=\"color: #000000;\"><b>\u00a0<\/b><\/span><\/p>\n<\/div><div class=\"fusion-clearfix\"><\/div><\/div><\/div><\/div><\/div>\n","protected":false},"excerpt":{"rendered":"","protected":false},"author":1,"featured_media":0,"parent":0,"menu_order":0,"comment_status":"closed","ping_status":"closed","template":"","meta":{"footnotes":""},"class_list":["post-8526","page","type-page","status-publish","hentry"],"yoast_head":"<!-- This site is optimized with the Yoast SEO plugin v27.5 - https:\/\/yoast.com\/product\/yoast-seo-wordpress\/ -->\n<title>Privacy policy - Bauxt - Porte blindate Made in Italy<\/title>\n<meta name=\"robots\" content=\"index, follow, max-snippet:-1, max-image-preview:large, max-video-preview:-1\" \/>\n<link rel=\"canonical\" href=\"https:\/\/www.bauxt.com\/de\/privacy-policy\/\" \/>\n<meta property=\"og:locale\" content=\"de_DE\" \/>\n<meta property=\"og:type\" content=\"article\" \/>\n<meta property=\"og:title\" content=\"Privacy policy - Bauxt - Porte blindate Made in Italy\" \/>\n<meta property=\"og:url\" content=\"https:\/\/www.bauxt.com\/de\/privacy-policy\/\" \/>\n<meta property=\"og:site_name\" content=\"Bauxt - Porte blindate Made in Italy\" \/>\n<meta property=\"article:publisher\" content=\"https:\/\/www.facebook.com\/Bauxt.design\/\" \/>\n<meta property=\"article:modified_time\" content=\"2020-05-22T09:21:49+00:00\" \/>\n<meta name=\"twitter:card\" content=\"summary_large_image\" \/>\n<meta name=\"twitter:site\" content=\"@Bauxt_design\" \/>\n<meta name=\"twitter:label1\" content=\"Gesch\u00e4tzte Lesezeit\" \/>\n\t<meta name=\"twitter:data1\" content=\"8\u00a0Minuten\" \/>\n<script type=\"application\/ld+json\" class=\"yoast-schema-graph\">{\"@context\":\"https:\\\/\\\/schema.org\",\"@graph\":[{\"@type\":\"WebPage\",\"@id\":\"https:\\\/\\\/www.bauxt.com\\\/de\\\/privacy-policy\\\/\",\"url\":\"https:\\\/\\\/www.bauxt.com\\\/de\\\/privacy-policy\\\/\",\"name\":\"Privacy policy - Bauxt - Porte blindate Made in Italy\",\"isPartOf\":{\"@id\":\"https:\\\/\\\/www.bauxt.com\\\/#website\"},\"datePublished\":\"2019-01-18T17:42:25+00:00\",\"dateModified\":\"2020-05-22T09:21:49+00:00\",\"breadcrumb\":{\"@id\":\"https:\\\/\\\/www.bauxt.com\\\/de\\\/privacy-policy\\\/#breadcrumb\"},\"inLanguage\":\"de\",\"potentialAction\":[{\"@type\":\"ReadAction\",\"target\":[\"https:\\\/\\\/www.bauxt.com\\\/de\\\/privacy-policy\\\/\"]}]},{\"@type\":\"BreadcrumbList\",\"@id\":\"https:\\\/\\\/www.bauxt.com\\\/de\\\/privacy-policy\\\/#breadcrumb\",\"itemListElement\":[{\"@type\":\"ListItem\",\"position\":1,\"name\":\"Home\",\"item\":\"https:\\\/\\\/www.bauxt.com\\\/de\\\/\"},{\"@type\":\"ListItem\",\"position\":2,\"name\":\"Privacy policy\"}]},{\"@type\":\"WebSite\",\"@id\":\"https:\\\/\\\/www.bauxt.com\\\/#website\",\"url\":\"https:\\\/\\\/www.bauxt.com\\\/\",\"name\":\"Bauxt - Porte blindate Made in Italy\",\"description\":\"Bauxt tiene al sicuro ogni casa e chi la abita\",\"publisher\":{\"@id\":\"https:\\\/\\\/www.bauxt.com\\\/#organization\"},\"potentialAction\":[{\"@type\":\"SearchAction\",\"target\":{\"@type\":\"EntryPoint\",\"urlTemplate\":\"https:\\\/\\\/www.bauxt.com\\\/?s={search_term_string}\"},\"query-input\":{\"@type\":\"PropertyValueSpecification\",\"valueRequired\":true,\"valueName\":\"search_term_string\"}}],\"inLanguage\":\"de\"},{\"@type\":\"Organization\",\"@id\":\"https:\\\/\\\/www.bauxt.com\\\/#organization\",\"name\":\"Bauxt Spa\",\"url\":\"https:\\\/\\\/www.bauxt.com\\\/\",\"logo\":{\"@type\":\"ImageObject\",\"inLanguage\":\"de\",\"@id\":\"https:\\\/\\\/www.bauxt.com\\\/#\\\/schema\\\/logo\\\/image\\\/\",\"url\":\"https:\\\/\\\/www.bauxt.com\\\/wp-content\\\/uploads\\\/2017\\\/06\\\/bauxt-logo-retina.png\",\"contentUrl\":\"https:\\\/\\\/www.bauxt.com\\\/wp-content\\\/uploads\\\/2017\\\/06\\\/bauxt-logo-retina.png\",\"width\":288,\"height\":92,\"caption\":\"Bauxt Spa\"},\"image\":{\"@id\":\"https:\\\/\\\/www.bauxt.com\\\/#\\\/schema\\\/logo\\\/image\\\/\"},\"sameAs\":[\"https:\\\/\\\/www.facebook.com\\\/Bauxt.design\\\/\",\"https:\\\/\\\/x.com\\\/Bauxt_design\",\"https:\\\/\\\/www.instagram.com\\\/bauxt_design\\\/\",\"https:\\\/\\\/www.linkedin.com\\\/company-beta\\\/17979933\\\/\",\"https:\\\/\\\/it.pinterest.com\\\/bauxt_design\\\/\",\"https:\\\/\\\/www.youtube.com\\\/channel\\\/UCra8Ed-tqriJSnYFsmULimQ\"]}]}<\/script>\n<!-- \/ Yoast SEO plugin. -->","yoast_head_json":{"title":"Privacy policy - Bauxt - Porte blindate Made in Italy","robots":{"index":"index","follow":"follow","max-snippet":"max-snippet:-1","max-image-preview":"max-image-preview:large","max-video-preview":"max-video-preview:-1"},"canonical":"https:\/\/www.bauxt.com\/de\/privacy-policy\/","og_locale":"de_DE","og_type":"article","og_title":"Privacy policy - Bauxt - Porte blindate Made in Italy","og_url":"https:\/\/www.bauxt.com\/de\/privacy-policy\/","og_site_name":"Bauxt - Porte blindate Made in Italy","article_publisher":"https:\/\/www.facebook.com\/Bauxt.design\/","article_modified_time":"2020-05-22T09:21:49+00:00","twitter_card":"summary_large_image","twitter_site":"@Bauxt_design","twitter_misc":{"Gesch\u00e4tzte Lesezeit":"8\u00a0Minuten"},"schema":{"@context":"https:\/\/schema.org","@graph":[{"@type":"WebPage","@id":"https:\/\/www.bauxt.com\/de\/privacy-policy\/","url":"https:\/\/www.bauxt.com\/de\/privacy-policy\/","name":"Privacy policy - Bauxt - Porte blindate Made in Italy","isPartOf":{"@id":"https:\/\/www.bauxt.com\/#website"},"datePublished":"2019-01-18T17:42:25+00:00","dateModified":"2020-05-22T09:21:49+00:00","breadcrumb":{"@id":"https:\/\/www.bauxt.com\/de\/privacy-policy\/#breadcrumb"},"inLanguage":"de","potentialAction":[{"@type":"ReadAction","target":["https:\/\/www.bauxt.com\/de\/privacy-policy\/"]}]},{"@type":"BreadcrumbList","@id":"https:\/\/www.bauxt.com\/de\/privacy-policy\/#breadcrumb","itemListElement":[{"@type":"ListItem","position":1,"name":"Home","item":"https:\/\/www.bauxt.com\/de\/"},{"@type":"ListItem","position":2,"name":"Privacy policy"}]},{"@type":"WebSite","@id":"https:\/\/www.bauxt.com\/#website","url":"https:\/\/www.bauxt.com\/","name":"Bauxt - Porte blindate Made in Italy","description":"Bauxt tiene al sicuro ogni casa e chi la abita","publisher":{"@id":"https:\/\/www.bauxt.com\/#organization"},"potentialAction":[{"@type":"SearchAction","target":{"@type":"EntryPoint","urlTemplate":"https:\/\/www.bauxt.com\/?s={search_term_string}"},"query-input":{"@type":"PropertyValueSpecification","valueRequired":true,"valueName":"search_term_string"}}],"inLanguage":"de"},{"@type":"Organization","@id":"https:\/\/www.bauxt.com\/#organization","name":"Bauxt Spa","url":"https:\/\/www.bauxt.com\/","logo":{"@type":"ImageObject","inLanguage":"de","@id":"https:\/\/www.bauxt.com\/#\/schema\/logo\/image\/","url":"https:\/\/www.bauxt.com\/wp-content\/uploads\/2017\/06\/bauxt-logo-retina.png","contentUrl":"https:\/\/www.bauxt.com\/wp-content\/uploads\/2017\/06\/bauxt-logo-retina.png","width":288,"height":92,"caption":"Bauxt Spa"},"image":{"@id":"https:\/\/www.bauxt.com\/#\/schema\/logo\/image\/"},"sameAs":["https:\/\/www.facebook.com\/Bauxt.design\/","https:\/\/x.com\/Bauxt_design","https:\/\/www.instagram.com\/bauxt_design\/","https:\/\/www.linkedin.com\/company-beta\/17979933\/","https:\/\/it.pinterest.com\/bauxt_design\/","https:\/\/www.youtube.com\/channel\/UCra8Ed-tqriJSnYFsmULimQ"]}]}},"_links":{"self":[{"href":"https:\/\/www.bauxt.com\/de\/wp-json\/wp\/v2\/pages\/8526","targetHints":{"allow":["GET"]}}],"collection":[{"href":"https:\/\/www.bauxt.com\/de\/wp-json\/wp\/v2\/pages"}],"about":[{"href":"https:\/\/www.bauxt.com\/de\/wp-json\/wp\/v2\/types\/page"}],"author":[{"embeddable":true,"href":"https:\/\/www.bauxt.com\/de\/wp-json\/wp\/v2\/users\/1"}],"replies":[{"embeddable":true,"href":"https:\/\/www.bauxt.com\/de\/wp-json\/wp\/v2\/comments?post=8526"}],"version-history":[{"count":6,"href":"https:\/\/www.bauxt.com\/de\/wp-json\/wp\/v2\/pages\/8526\/revisions"}],"predecessor-version":[{"id":14118,"href":"https:\/\/www.bauxt.com\/de\/wp-json\/wp\/v2\/pages\/8526\/revisions\/14118"}],"wp:attachment":[{"href":"https:\/\/www.bauxt.com\/de\/wp-json\/wp\/v2\/media?parent=8526"}],"curies":[{"name":"wp","href":"https:\/\/api.w.org\/{rel}","templated":true}]}}